{"id":38384,"date":"2020-06-04T10:41:36","date_gmt":"2020-06-04T10:41:36","guid":{"rendered":"https:\/\/nemusarboricultura.com\/servicios\/profesionalismo\/"},"modified":"2025-03-27T06:55:33","modified_gmt":"2025-03-27T06:55:33","slug":"profesionalismo","status":"publish","type":"cpt_services","link":"https:\/\/nemusarboricultura.com\/ca\/servicios\/profesionalismo\/","title":{"rendered":"Professionalitat"},"content":{"rendered":"\t\t<div data-elementor-type=\"wp-post\" data-elementor-id=\"38384\" class=\"elementor elementor-38384 elementor-5133\">\n\t\t\t\t<section class=\"elementor-section elementor-top-section elementor-element elementor-element-f2bd7e9 elementor-section-boxed elementor-section-height-default elementor-section-height-default sc_fly_static\" data-id=\"f2bd7e9\" data-element_type=\"section\">\n\t\t\t\t\t\t<div class=\"elementor-container elementor-column-gap-extended\">\n\t\t\t\t\t<div class=\"elementor-column elementor-col-100 elementor-top-column elementor-element elementor-element-6180200 sc_content_align_inherit sc_layouts_column_icons_position_left sc_fly_static\" data-id=\"6180200\" data-element_type=\"column\">\n\t\t\t<div class=\"elementor-widget-wrap elementor-element-populated\">\n\t\t\t\t\t\t<div class=\"elementor-element elementor-element-12738e12 sc_fly_static elementor-widget elementor-widget-text-editor\" data-id=\"12738e12\" data-element_type=\"widget\" data-widget_type=\"text-editor.default\">\n\t\t\t\t<div class=\"elementor-widget-container\"><p>En Nemus Arboricultura, nuestra prioridad es ofrecer un servicio altamente profesional, enfocado en el cuidado integral y la preservaci\u00f3n de los \u00e1rboles. Como expertos en arboricultura, nuestro equipo cuenta con a\u00f1os de experiencia y formaci\u00f3n especializada para llevar a cabo cada tarea con la m\u00e1xima dedicaci\u00f3n y responsabilidad. Nos aseguramos de que cada \u00e1rbol reciba el tratamiento adecuado, con un enfoque respetuoso hacia el medio ambiente y siguiendo las mejores pr\u00e1cticas del sector.<\/p><h5 class=\"wp-block-heading\"><strong>Profesionalismo en Nemus\u00a0<\/strong><\/h5><p>Desde la evaluaci\u00f3n inicial hasta el mantenimiento regular, trabajamos para asegurar que cada \u00e1rbol est\u00e9 en las mejores condiciones posibles. Nuestra labor no se limita solo a la poda, sino que tambi\u00e9n abarca diagn\u00f3sticos precisos, restauraci\u00f3n de espacios y el tratamiento de plagas. Todo ello con un claro compromiso hacia la seguridad y el bienestar de los \u00e1rboles, que son piezas vitales para el equilibrio de los ecosistemas urbanos y rurales.<\/p><p>Utilizamos herramientas de \u00faltima tecnolog\u00eda y t\u00e9cnicas avanzadas para garantizar la salud y longevidad de los \u00e1rboles. Sabemos que cada \u00e1rbol es \u00fanico y, por eso, ofrecemos soluciones personalizadas que se adaptan a las necesidades espec\u00edficas de cada caso. Ya sea una poda delicada o una intervenci\u00f3n quir\u00fargica arbor\u00edcola, cada acci\u00f3n est\u00e1 dise\u00f1ada para maximizar los beneficios para el \u00e1rbol y el entorno circundante.<\/p><figure class=\"wp-block-gallery has-nested-images columns-default is-cropped wp-block-gallery-2 is-layout-flex wp-block-gallery-is-layout-flex\"><figure class=\"wp-block-image size-large\"><img fetchpriority=\"high\" decoding=\"async\" width=\"1024\" height=\"683\" data-id=\"34756\" class=\"wp-image-34756\" src=\"https:\/\/nemusarboricultura.com\/wp-content\/uploads\/2020\/05\/image-85-copyright-1024x683.jpg\" alt=\"\" srcset=\"https:\/\/nemusarboricultura.com\/wp-content\/uploads\/2020\/05\/image-85-copyright-1024x683.jpg 1024w, https:\/\/nemusarboricultura.com\/wp-content\/uploads\/2020\/05\/image-85-copyright-300x200.jpg 300w, https:\/\/nemusarboricultura.com\/wp-content\/uploads\/2020\/05\/image-85-copyright-768x512.jpg 768w, https:\/\/nemusarboricultura.com\/wp-content\/uploads\/2020\/05\/image-85-copyright-1536x1024.jpg 1536w, https:\/\/nemusarboricultura.com\/wp-content\/uploads\/2020\/05\/image-85-copyright-370x247.jpg 370w, https:\/\/nemusarboricultura.com\/wp-content\/uploads\/2020\/05\/image-85-copyright-840x560.jpg 840w, https:\/\/nemusarboricultura.com\/wp-content\/uploads\/2020\/05\/image-85-copyright-410x273.jpg 410w, https:\/\/nemusarboricultura.com\/wp-content\/uploads\/2020\/05\/image-85-copyright-600x400.jpg 600w, https:\/\/nemusarboricultura.com\/wp-content\/uploads\/2020\/05\/image-85-copyright.jpg 1920w\" sizes=\"(max-width: 1024px) 100vw, 1024px\" \/><\/figure><figure class=\"wp-block-image size-large\"><img decoding=\"async\" width=\"1024\" height=\"683\" data-id=\"34577\" class=\"wp-image-34577\" src=\"https:\/\/nemusarboricultura.com\/wp-content\/uploads\/2023\/11\/image-74-copyright-1024x683.jpg\" alt=\"\" srcset=\"https:\/\/nemusarboricultura.com\/wp-content\/uploads\/2023\/11\/image-74-copyright-1024x683.jpg 1024w, https:\/\/nemusarboricultura.com\/wp-content\/uploads\/2023\/11\/image-74-copyright-300x200.jpg 300w, https:\/\/nemusarboricultura.com\/wp-content\/uploads\/2023\/11\/image-74-copyright-768x512.jpg 768w, https:\/\/nemusarboricultura.com\/wp-content\/uploads\/2023\/11\/image-74-copyright-1536x1025.jpg 1536w, https:\/\/nemusarboricultura.com\/wp-content\/uploads\/2023\/11\/image-74-copyright-370x247.jpg 370w, https:\/\/nemusarboricultura.com\/wp-content\/uploads\/2023\/11\/image-74-copyright-840x560.jpg 840w, https:\/\/nemusarboricultura.com\/wp-content\/uploads\/2023\/11\/image-74-copyright-410x274.jpg 410w, https:\/\/nemusarboricultura.com\/wp-content\/uploads\/2023\/11\/image-74-copyright-600x400.jpg 600w, https:\/\/nemusarboricultura.com\/wp-content\/uploads\/2023\/11\/image-74-copyright.jpg 1920w\" sizes=\"(max-width: 1024px) 100vw, 1024px\" \/><\/figure><\/figure><p>En Nemus Arboricultura, no solo nos encargamos de los \u00e1rboles de manera puntual, sino que trabajamos a largo plazo para asegurar la conservaci\u00f3n de los espacios verdes. Cada proyecto es gestionado con una visi\u00f3n sostenible, para que los beneficios del cuidado de los \u00e1rboles perduren en el tiempo. Nos comprometemos a hacer que los \u00e1rboles no solo sobrevivan, sino que prosperen, contribuyendo a la biodiversidad y al bienestar de la comunidad.<\/p><h5 class=\"wp-block-heading\">Nuestro Compromiso con la Calidad<\/h5><p>El bienestar de nuestros clientes y del equipo es nuestra m\u00e1xima prioridad. Por ello, adoptamos estrictos protocolos de seguridad en cada una de nuestras intervenciones. Ya sea en \u00e1reas urbanas o rurales, trabajamos bajo las normas m\u00e1s rigurosas para asegurar que todas las labores de arboricultura se lleven a cabo de manera segura y eficaz, minimizando riesgos para las personas y el entorno.<\/p>\n<p>Cada acci\u00f3n de Nemus Arboricultura est\u00e1 guiada por un profundo respeto por el medio ambiente. Sabemos que los \u00e1rboles son fundamentales para el equilibrio ecol\u00f3gico, por eso promovemos pr\u00e1cticas que contribuyan a la conservaci\u00f3n de los recursos naturales. Nuestro objetivo es garantizar que cada intervenci\u00f3n no solo sea eficaz, sino tambi\u00e9n sostenible.<\/p><\/div>\n\t\t\t\t<\/div>\n\t\t\t\t\t<\/div>\n\t\t<\/div>\n\t\t\t\t\t<\/div>\n\t\t<\/section>\t\t<\/div>\n\t\t","protected":false},"excerpt":{"rendered":"<p>Contact us today and get a free trial plan to give a new start to your business.<\/p>\n","protected":false},"author":1,"featured_media":38835,"comment_status":"closed","ping_status":"closed","template":"","cpt_services_group":[299],"class_list":["post-38384","cpt_services","type-cpt_services","status-publish","has-post-thumbnail","hentry","cpt_services_group-interiors-ca"],"acf":[],"yoast_head":"<!-- This site is optimized with the Yoast SEO plugin v24.2 - https:\/\/yoast.com\/wordpress\/plugins\/seo\/ -->\n<title>Professionalitat | Nemus<\/title>\n<meta name=\"robots\" content=\"noindex, follow\" \/>\n<meta property=\"og:locale\" content=\"ca_ES\" \/>\n<meta property=\"og:type\" content=\"article\" \/>\n<meta property=\"og:title\" content=\"Professionalitat | Nemus\" \/>\n<meta property=\"og:description\" content=\"Contact us today and get a free trial plan to give a new start to your business.\" \/>\n<meta property=\"og:url\" content=\"https:\/\/nemusarboricultura.com\/ca\/servicios\/profesionalismo\/\" \/>\n<meta property=\"og:site_name\" content=\"Nemus\" \/>\n<meta property=\"article:modified_time\" content=\"2025-03-27T06:55:33+00:00\" \/>\n<meta property=\"og:image\" content=\"https:\/\/nemusarboricultura.com\/wp-content\/uploads\/2020\/06\/Profesionalidad-Nemus.jpg\" \/>\n\t<meta property=\"og:image:width\" content=\"1920\" \/>\n\t<meta property=\"og:image:height\" content=\"1080\" \/>\n\t<meta property=\"og:image:type\" content=\"image\/jpeg\" \/>\n<meta name=\"twitter:card\" content=\"summary_large_image\" \/>\n<meta name=\"twitter:label1\" content=\"Temps estimat de lectura\" \/>\n\t<meta name=\"twitter:data1\" content=\"3 minuts\" \/>\n<script type=\"application\/ld+json\" class=\"yoast-schema-graph\">{\"@context\":\"https:\/\/schema.org\",\"@graph\":[{\"@type\":\"WebPage\",\"@id\":\"https:\/\/nemusarboricultura.com\/ca\/servicios\/profesionalismo\/\",\"url\":\"https:\/\/nemusarboricultura.com\/ca\/servicios\/profesionalismo\/\",\"name\":\"Professionalitat | Nemus\",\"isPartOf\":{\"@id\":\"https:\/\/nemusarboricultura.com\/#website\"},\"primaryImageOfPage\":{\"@id\":\"https:\/\/nemusarboricultura.com\/ca\/servicios\/profesionalismo\/#primaryimage\"},\"image\":{\"@id\":\"https:\/\/nemusarboricultura.com\/ca\/servicios\/profesionalismo\/#primaryimage\"},\"thumbnailUrl\":\"https:\/\/nemusarboricultura.com\/wp-content\/uploads\/2020\/06\/Profesionalidad-Nemus.jpg\",\"datePublished\":\"2020-06-04T10:41:36+00:00\",\"dateModified\":\"2025-03-27T06:55:33+00:00\",\"breadcrumb\":{\"@id\":\"https:\/\/nemusarboricultura.com\/ca\/servicios\/profesionalismo\/#breadcrumb\"},\"inLanguage\":\"ca\",\"potentialAction\":[{\"@type\":\"ReadAction\",\"target\":[\"https:\/\/nemusarboricultura.com\/ca\/servicios\/profesionalismo\/\"]}]},{\"@type\":\"ImageObject\",\"inLanguage\":\"ca\",\"@id\":\"https:\/\/nemusarboricultura.com\/ca\/servicios\/profesionalismo\/#primaryimage\",\"url\":\"https:\/\/nemusarboricultura.com\/wp-content\/uploads\/2020\/06\/Profesionalidad-Nemus.jpg\",\"contentUrl\":\"https:\/\/nemusarboricultura.com\/wp-content\/uploads\/2020\/06\/Profesionalidad-Nemus.jpg\",\"width\":1920,\"height\":1080,\"caption\":\"Profesionalidad Nemus arboricultura Mallorca\"},{\"@type\":\"BreadcrumbList\",\"@id\":\"https:\/\/nemusarboricultura.com\/ca\/servicios\/profesionalismo\/#breadcrumb\",\"itemListElement\":[{\"@type\":\"ListItem\",\"position\":1,\"name\":\"Portada\",\"item\":\"https:\/\/nemusarboricultura.com\/ca\/\"},{\"@type\":\"ListItem\",\"position\":2,\"name\":\"Services\",\"item\":\"https:\/\/nemusarboricultura.com\/servicios\/\"},{\"@type\":\"ListItem\",\"position\":3,\"name\":\"Professionalitat\"}]},{\"@type\":\"WebSite\",\"@id\":\"https:\/\/nemusarboricultura.com\/#website\",\"url\":\"https:\/\/nemusarboricultura.com\/\",\"name\":\"Nemus Arboricultura y Formaci\u00f3n en Mallorca\",\"description\":\"Nemus Arboricultura: Gesti\u00f3n sostenible del arbolado con 20 a\u00f1os de experiencia. Cuidado del entorno y formaci\u00f3n de expertos en arboricultura.\",\"publisher\":{\"@id\":\"https:\/\/nemusarboricultura.com\/#organization\"},\"alternateName\":\"Nemus Arboricultura\",\"potentialAction\":[{\"@type\":\"SearchAction\",\"target\":{\"@type\":\"EntryPoint\",\"urlTemplate\":\"https:\/\/nemusarboricultura.com\/?s={search_term_string}\"},\"query-input\":{\"@type\":\"PropertyValueSpecification\",\"valueRequired\":true,\"valueName\":\"search_term_string\"}}],\"inLanguage\":\"ca\"},{\"@type\":\"Organization\",\"@id\":\"https:\/\/nemusarboricultura.com\/#organization\",\"name\":\"Nemus Arboricultura y Formaci\u00f3n en Mallorca\",\"alternateName\":\"Nemus Arboricultura\",\"url\":\"https:\/\/nemusarboricultura.com\/\",\"logo\":{\"@type\":\"ImageObject\",\"inLanguage\":\"ca\",\"@id\":\"https:\/\/nemusarboricultura.com\/#\/schema\/logo\/image\/\",\"url\":\"https:\/\/nemusarboricultura.com\/wp-content\/uploads\/2025\/01\/Logotipo-Vertical.png\",\"contentUrl\":\"https:\/\/nemusarboricultura.com\/wp-content\/uploads\/2025\/01\/Logotipo-Vertical.png\",\"width\":656,\"height\":745,\"caption\":\"Nemus Arboricultura y Formaci\u00f3n en Mallorca\"},\"image\":{\"@id\":\"https:\/\/nemusarboricultura.com\/#\/schema\/logo\/image\/\"}}]}<\/script>\n<!-- \/ Yoast SEO plugin. -->","yoast_head_json":{"title":"Professionalitat | Nemus","robots":{"index":"noindex","follow":"follow"},"og_locale":"ca_ES","og_type":"article","og_title":"Professionalitat | Nemus","og_description":"Contact us today and get a free trial plan to give a new start to your business.","og_url":"https:\/\/nemusarboricultura.com\/ca\/servicios\/profesionalismo\/","og_site_name":"Nemus","article_modified_time":"2025-03-27T06:55:33+00:00","og_image":[{"width":1920,"height":1080,"url":"https:\/\/nemusarboricultura.com\/wp-content\/uploads\/2020\/06\/Profesionalidad-Nemus.jpg","type":"image\/jpeg"}],"twitter_card":"summary_large_image","twitter_misc":{"Temps estimat de lectura":"3 minuts"},"schema":{"@context":"https:\/\/schema.org","@graph":[{"@type":"WebPage","@id":"https:\/\/nemusarboricultura.com\/ca\/servicios\/profesionalismo\/","url":"https:\/\/nemusarboricultura.com\/ca\/servicios\/profesionalismo\/","name":"Professionalitat | Nemus","isPartOf":{"@id":"https:\/\/nemusarboricultura.com\/#website"},"primaryImageOfPage":{"@id":"https:\/\/nemusarboricultura.com\/ca\/servicios\/profesionalismo\/#primaryimage"},"image":{"@id":"https:\/\/nemusarboricultura.com\/ca\/servicios\/profesionalismo\/#primaryimage"},"thumbnailUrl":"https:\/\/nemusarboricultura.com\/wp-content\/uploads\/2020\/06\/Profesionalidad-Nemus.jpg","datePublished":"2020-06-04T10:41:36+00:00","dateModified":"2025-03-27T06:55:33+00:00","breadcrumb":{"@id":"https:\/\/nemusarboricultura.com\/ca\/servicios\/profesionalismo\/#breadcrumb"},"inLanguage":"ca","potentialAction":[{"@type":"ReadAction","target":["https:\/\/nemusarboricultura.com\/ca\/servicios\/profesionalismo\/"]}]},{"@type":"ImageObject","inLanguage":"ca","@id":"https:\/\/nemusarboricultura.com\/ca\/servicios\/profesionalismo\/#primaryimage","url":"https:\/\/nemusarboricultura.com\/wp-content\/uploads\/2020\/06\/Profesionalidad-Nemus.jpg","contentUrl":"https:\/\/nemusarboricultura.com\/wp-content\/uploads\/2020\/06\/Profesionalidad-Nemus.jpg","width":1920,"height":1080,"caption":"Profesionalidad Nemus arboricultura Mallorca"},{"@type":"BreadcrumbList","@id":"https:\/\/nemusarboricultura.com\/ca\/servicios\/profesionalismo\/#breadcrumb","itemListElement":[{"@type":"ListItem","position":1,"name":"Portada","item":"https:\/\/nemusarboricultura.com\/ca\/"},{"@type":"ListItem","position":2,"name":"Services","item":"https:\/\/nemusarboricultura.com\/servicios\/"},{"@type":"ListItem","position":3,"name":"Professionalitat"}]},{"@type":"WebSite","@id":"https:\/\/nemusarboricultura.com\/#website","url":"https:\/\/nemusarboricultura.com\/","name":"Nemus Arboricultura y Formaci\u00f3n en Mallorca","description":"Nemus Arboricultura: Gesti\u00f3n sostenible del arbolado con 20 a\u00f1os de experiencia. Cuidado del entorno y formaci\u00f3n de expertos en arboricultura.","publisher":{"@id":"https:\/\/nemusarboricultura.com\/#organization"},"alternateName":"Nemus Arboricultura","potentialAction":[{"@type":"SearchAction","target":{"@type":"EntryPoint","urlTemplate":"https:\/\/nemusarboricultura.com\/?s={search_term_string}"},"query-input":{"@type":"PropertyValueSpecification","valueRequired":true,"valueName":"search_term_string"}}],"inLanguage":"ca"},{"@type":"Organization","@id":"https:\/\/nemusarboricultura.com\/#organization","name":"Nemus Arboricultura y Formaci\u00f3n en Mallorca","alternateName":"Nemus Arboricultura","url":"https:\/\/nemusarboricultura.com\/","logo":{"@type":"ImageObject","inLanguage":"ca","@id":"https:\/\/nemusarboricultura.com\/#\/schema\/logo\/image\/","url":"https:\/\/nemusarboricultura.com\/wp-content\/uploads\/2025\/01\/Logotipo-Vertical.png","contentUrl":"https:\/\/nemusarboricultura.com\/wp-content\/uploads\/2025\/01\/Logotipo-Vertical.png","width":656,"height":745,"caption":"Nemus Arboricultura y Formaci\u00f3n en Mallorca"},"image":{"@id":"https:\/\/nemusarboricultura.com\/#\/schema\/logo\/image\/"}}]}},"_links":{"self":[{"href":"https:\/\/nemusarboricultura.com\/ca\/wp-json\/wp\/v2\/cpt_services\/38384","targetHints":{"allow":["GET"]}}],"collection":[{"href":"https:\/\/nemusarboricultura.com\/ca\/wp-json\/wp\/v2\/cpt_services"}],"about":[{"href":"https:\/\/nemusarboricultura.com\/ca\/wp-json\/wp\/v2\/types\/cpt_services"}],"author":[{"embeddable":true,"href":"https:\/\/nemusarboricultura.com\/ca\/wp-json\/wp\/v2\/users\/1"}],"replies":[{"embeddable":true,"href":"https:\/\/nemusarboricultura.com\/ca\/wp-json\/wp\/v2\/comments?post=38384"}],"version-history":[{"count":3,"href":"https:\/\/nemusarboricultura.com\/ca\/wp-json\/wp\/v2\/cpt_services\/38384\/revisions"}],"predecessor-version":[{"id":39255,"href":"https:\/\/nemusarboricultura.com\/ca\/wp-json\/wp\/v2\/cpt_services\/38384\/revisions\/39255"}],"wp:featuredmedia":[{"embeddable":true,"href":"https:\/\/nemusarboricultura.com\/ca\/wp-json\/wp\/v2\/media\/38835"}],"wp:attachment":[{"href":"https:\/\/nemusarboricultura.com\/ca\/wp-json\/wp\/v2\/media?parent=38384"}],"wp:term":[{"taxonomy":"cpt_services_group","embeddable":true,"href":"https:\/\/nemusarboricultura.com\/ca\/wp-json\/wp\/v2\/cpt_services_group?post=38384"}],"curies":[{"name":"wp","href":"https:\/\/api.w.org\/{rel}","templated":true}]}}