{"id":38383,"date":"2020-06-04T10:45:18","date_gmt":"2020-06-04T10:45:18","guid":{"rendered":"https:\/\/nemusarboricultura.com\/servicios\/etica\/"},"modified":"2025-03-27T06:52:52","modified_gmt":"2025-03-27T06:52:52","slug":"etica","status":"publish","type":"cpt_services","link":"https:\/\/nemusarboricultura.com\/ca\/servicios\/etica\/","title":{"rendered":"\u00c8tica"},"content":{"rendered":"\t\t<div data-elementor-type=\"wp-post\" data-elementor-id=\"38383\" class=\"elementor elementor-38383 elementor-5136\">\n\t\t\t\t<section class=\"elementor-section elementor-top-section elementor-element elementor-element-1d1d9130 elementor-section-boxed elementor-section-height-default elementor-section-height-default sc_fly_static\" data-id=\"1d1d9130\" data-element_type=\"section\">\n\t\t\t\t\t\t<div class=\"elementor-container elementor-column-gap-extended\">\n\t\t\t\t\t<div class=\"elementor-column elementor-col-100 elementor-top-column elementor-element elementor-element-71393b42 sc_content_align_inherit sc_layouts_column_icons_position_left sc_fly_static\" data-id=\"71393b42\" data-element_type=\"column\">\n\t\t\t<div class=\"elementor-widget-wrap elementor-element-populated\">\n\t\t\t\t\t\t<div class=\"elementor-element elementor-element-782ec77e sc_fly_static elementor-widget elementor-widget-text-editor\" data-id=\"782ec77e\" data-element_type=\"widget\" data-widget_type=\"text-editor.default\">\n\t\t\t\t<div class=\"elementor-widget-container\"><p>En Nemus Arboricultura, entendemos que el respeto por el medio ambiente, la responsabilidad social y la integridad son los pilares fundamentales de nuestra pr\u00e1ctica profesional. Nos regimos por un c\u00f3digo \u00e9tico que gu\u00eda todas nuestras acciones, asegurando que cada intervenci\u00f3n sea llevada a cabo con el m\u00e1s alto nivel de honestidad, transparencia y compromiso con la sostenibilidad.<\/p><h5 class=\"wp-block-heading\">Compromiso con la Transparencia<\/h5><p>Creemos que la confianza se construye a trav\u00e9s de la transparencia. Por eso, mantenemos una comunicaci\u00f3n clara y abierta con nuestros clientes en cada etapa de nuestros proyectos. Desde el presupuesto inicial hasta la ejecuci\u00f3n de cada tarea, nos aseguramos de que nuestros clientes est\u00e9n completamente informados y satisfechos con los resultados. Nos comprometemos a ser honestos sobre los costos, tiempos de intervenci\u00f3n y los m\u00e9todos que empleamos.<\/p><p>Nuestro compromiso con la \u00e9tica no se limita solo a nuestros clientes. En Nemus Arboricultura, adoptamos pr\u00e1cticas responsables con el medio ambiente en todos nuestros proyectos. Nos esforzamos por minimizar el impacto de nuestras intervenciones, utilizando herramientas y m\u00e9todos que favorezcan la conservaci\u00f3n de los recursos naturales. Adem\u00e1s, trabajamos para proteger la biodiversidad, promoviendo la plantaci\u00f3n de especies aut\u00f3ctonas y el cuidado de los ecosistemas locales.<\/p><figure class=\"wp-block-gallery has-nested-images columns-default is-cropped wp-block-gallery-2 is-layout-flex wp-block-gallery-is-layout-flex\"><figure class=\"wp-block-image size-large\"><img fetchpriority=\"high\" decoding=\"async\" width=\"1024\" height=\"683\" data-id=\"34756\" class=\"wp-image-34756\" src=\"https:\/\/nemusarboricultura.com\/wp-content\/uploads\/2020\/05\/image-85-copyright-1024x683.jpg\" alt=\"\" srcset=\"https:\/\/nemusarboricultura.com\/wp-content\/uploads\/2020\/05\/image-85-copyright-1024x683.jpg 1024w, https:\/\/nemusarboricultura.com\/wp-content\/uploads\/2020\/05\/image-85-copyright-300x200.jpg 300w, https:\/\/nemusarboricultura.com\/wp-content\/uploads\/2020\/05\/image-85-copyright-768x512.jpg 768w, https:\/\/nemusarboricultura.com\/wp-content\/uploads\/2020\/05\/image-85-copyright-1536x1024.jpg 1536w, https:\/\/nemusarboricultura.com\/wp-content\/uploads\/2020\/05\/image-85-copyright-370x247.jpg 370w, https:\/\/nemusarboricultura.com\/wp-content\/uploads\/2020\/05\/image-85-copyright-840x560.jpg 840w, https:\/\/nemusarboricultura.com\/wp-content\/uploads\/2020\/05\/image-85-copyright-410x273.jpg 410w, https:\/\/nemusarboricultura.com\/wp-content\/uploads\/2020\/05\/image-85-copyright-600x400.jpg 600w, https:\/\/nemusarboricultura.com\/wp-content\/uploads\/2020\/05\/image-85-copyright.jpg 1920w\" sizes=\"(max-width: 1024px) 100vw, 1024px\" \/><\/figure><figure class=\"wp-block-image size-large\"><img decoding=\"async\" width=\"1024\" height=\"683\" data-id=\"34577\" class=\"wp-image-34577\" src=\"https:\/\/nemusarboricultura.com\/wp-content\/uploads\/2023\/11\/image-74-copyright-1024x683.jpg\" alt=\"\" srcset=\"https:\/\/nemusarboricultura.com\/wp-content\/uploads\/2023\/11\/image-74-copyright-1024x683.jpg 1024w, https:\/\/nemusarboricultura.com\/wp-content\/uploads\/2023\/11\/image-74-copyright-300x200.jpg 300w, https:\/\/nemusarboricultura.com\/wp-content\/uploads\/2023\/11\/image-74-copyright-768x512.jpg 768w, https:\/\/nemusarboricultura.com\/wp-content\/uploads\/2023\/11\/image-74-copyright-1536x1025.jpg 1536w, https:\/\/nemusarboricultura.com\/wp-content\/uploads\/2023\/11\/image-74-copyright-370x247.jpg 370w, https:\/\/nemusarboricultura.com\/wp-content\/uploads\/2023\/11\/image-74-copyright-840x560.jpg 840w, https:\/\/nemusarboricultura.com\/wp-content\/uploads\/2023\/11\/image-74-copyright-410x274.jpg 410w, https:\/\/nemusarboricultura.com\/wp-content\/uploads\/2023\/11\/image-74-copyright-600x400.jpg 600w, https:\/\/nemusarboricultura.com\/wp-content\/uploads\/2023\/11\/image-74-copyright.jpg 1920w\" sizes=\"(max-width: 1024px) 100vw, 1024px\" \/><\/figure><\/figure><p>La \u00e9tica tambi\u00e9n est\u00e1 presente en la forma en que tratamos a nuestros empleados y colaboradores. En Nemus Arboricultura, nos aseguramos de proporcionar un entorno laboral justo y seguro. Nuestros trabajadores reciben formaci\u00f3n continua y acceso a las herramientas necesarias para realizar su trabajo con seguridad y eficacia. Adoptamos rigurosos protocolos de seguridad para prevenir accidentes y garantizamos que cada miembro de nuestro equipo pueda desempe\u00f1ar sus tareas con confianza y respeto.<\/p><h5 class=\"wp-block-heading\"><strong>Compromiso con la Sostenibilidad<\/strong><\/h5><p>Cada acci\u00f3n de Nemus Arboricultura est\u00e1 orientada hacia la sostenibilidad a largo plazo. Trabajamos con una visi\u00f3n a futuro, asegur\u00e1ndonos de que nuestros proyectos contribuyan al bienestar de las comunidades y al equilibrio ecol\u00f3gico. Esto implica un compromiso constante con la reducci\u00f3n de nuestro impacto ambiental y la promoci\u00f3n de pr\u00e1cticas que favorezcan la conservaci\u00f3n de los recursos naturales.<\/p><p>En todo lo que hacemos, los \u00e1rboles son nuestra prioridad. Nos dedicamos al cuidado de cada \u00e1rbol con un enfoque \u00e9tico que respeta su vitalidad, su entorno y su papel dentro del ecosistema. Ya sea en \u00e1reas urbanas o rurales, nuestro trabajo se realiza con el objetivo de asegurar la salud a largo plazo de los \u00e1rboles, protegiendo as\u00ed el entorno natural para las generaciones futuras.<\/p>\n<p>En Nemus Arboricultura, nuestra \u00e9tica es la base sobre la cual construimos relaciones de confianza duraderas con nuestros clientes, colaboradores y la comunidad en general. Cada decisi\u00f3n que tomamos, cada intervenci\u00f3n que realizamos, est\u00e1 guiada por un compromiso inquebrantable con los principios de integridad, respeto y responsabilidad.<\/p><\/div>\n\t\t\t\t<\/div>\n\t\t\t\t\t<\/div>\n\t\t<\/div>\n\t\t\t\t\t<\/div>\n\t\t<\/section>\t\t<\/div>\n\t\t","protected":false},"excerpt":{"rendered":"<p>Let our creative experts show you the real possibilities for business growth.<\/p>\n","protected":false},"author":1,"featured_media":38837,"comment_status":"closed","ping_status":"closed","template":"","cpt_services_group":[299],"class_list":["post-38383","cpt_services","type-cpt_services","status-publish","has-post-thumbnail","hentry","cpt_services_group-interiors-ca"],"acf":[],"yoast_head":"<!-- This site is optimized with the Yoast SEO plugin v24.2 - https:\/\/yoast.com\/wordpress\/plugins\/seo\/ -->\n<title>\u00c8tica | Nemus<\/title>\n<meta name=\"robots\" content=\"noindex, follow\" \/>\n<meta property=\"og:locale\" content=\"ca_ES\" \/>\n<meta property=\"og:type\" content=\"article\" \/>\n<meta property=\"og:title\" content=\"\u00c8tica | Nemus\" \/>\n<meta property=\"og:description\" content=\"Let our creative experts show you the real possibilities for business growth.\" \/>\n<meta property=\"og:url\" content=\"https:\/\/nemusarboricultura.com\/ca\/servicios\/etica\/\" \/>\n<meta property=\"og:site_name\" content=\"Nemus\" \/>\n<meta property=\"article:modified_time\" content=\"2025-03-27T06:52:52+00:00\" \/>\n<meta property=\"og:image\" content=\"https:\/\/nemusarboricultura.com\/wp-content\/uploads\/2020\/06\/Etica-Nemus.jpg\" \/>\n\t<meta property=\"og:image:width\" content=\"739\" \/>\n\t<meta property=\"og:image:height\" content=\"1600\" \/>\n\t<meta property=\"og:image:type\" content=\"image\/jpeg\" \/>\n<meta name=\"twitter:card\" content=\"summary_large_image\" \/>\n<meta name=\"twitter:label1\" content=\"Temps estimat de lectura\" \/>\n\t<meta name=\"twitter:data1\" content=\"3 minuts\" \/>\n<script type=\"application\/ld+json\" class=\"yoast-schema-graph\">{\"@context\":\"https:\/\/schema.org\",\"@graph\":[{\"@type\":\"WebPage\",\"@id\":\"https:\/\/nemusarboricultura.com\/ca\/servicios\/etica\/\",\"url\":\"https:\/\/nemusarboricultura.com\/ca\/servicios\/etica\/\",\"name\":\"\u00c8tica | Nemus\",\"isPartOf\":{\"@id\":\"https:\/\/nemusarboricultura.com\/#website\"},\"primaryImageOfPage\":{\"@id\":\"https:\/\/nemusarboricultura.com\/ca\/servicios\/etica\/#primaryimage\"},\"image\":{\"@id\":\"https:\/\/nemusarboricultura.com\/ca\/servicios\/etica\/#primaryimage\"},\"thumbnailUrl\":\"https:\/\/nemusarboricultura.com\/wp-content\/uploads\/2020\/06\/Etica-Nemus.jpg\",\"datePublished\":\"2020-06-04T10:45:18+00:00\",\"dateModified\":\"2025-03-27T06:52:52+00:00\",\"breadcrumb\":{\"@id\":\"https:\/\/nemusarboricultura.com\/ca\/servicios\/etica\/#breadcrumb\"},\"inLanguage\":\"ca\",\"potentialAction\":[{\"@type\":\"ReadAction\",\"target\":[\"https:\/\/nemusarboricultura.com\/ca\/servicios\/etica\/\"]}]},{\"@type\":\"ImageObject\",\"inLanguage\":\"ca\",\"@id\":\"https:\/\/nemusarboricultura.com\/ca\/servicios\/etica\/#primaryimage\",\"url\":\"https:\/\/nemusarboricultura.com\/wp-content\/uploads\/2020\/06\/Etica-Nemus.jpg\",\"contentUrl\":\"https:\/\/nemusarboricultura.com\/wp-content\/uploads\/2020\/06\/Etica-Nemus.jpg\",\"width\":739,\"height\":1600,\"caption\":\"Etica Nemus Arboricultura Mallorca\"},{\"@type\":\"BreadcrumbList\",\"@id\":\"https:\/\/nemusarboricultura.com\/ca\/servicios\/etica\/#breadcrumb\",\"itemListElement\":[{\"@type\":\"ListItem\",\"position\":1,\"name\":\"Portada\",\"item\":\"https:\/\/nemusarboricultura.com\/ca\/\"},{\"@type\":\"ListItem\",\"position\":2,\"name\":\"Services\",\"item\":\"https:\/\/nemusarboricultura.com\/servicios\/\"},{\"@type\":\"ListItem\",\"position\":3,\"name\":\"\u00c8tica\"}]},{\"@type\":\"WebSite\",\"@id\":\"https:\/\/nemusarboricultura.com\/#website\",\"url\":\"https:\/\/nemusarboricultura.com\/\",\"name\":\"Nemus Arboricultura y Formaci\u00f3n en Mallorca\",\"description\":\"Nemus Arboricultura: Gesti\u00f3n sostenible del arbolado con 20 a\u00f1os de experiencia. Cuidado del entorno y formaci\u00f3n de expertos en arboricultura.\",\"publisher\":{\"@id\":\"https:\/\/nemusarboricultura.com\/#organization\"},\"alternateName\":\"Nemus Arboricultura\",\"potentialAction\":[{\"@type\":\"SearchAction\",\"target\":{\"@type\":\"EntryPoint\",\"urlTemplate\":\"https:\/\/nemusarboricultura.com\/?s={search_term_string}\"},\"query-input\":{\"@type\":\"PropertyValueSpecification\",\"valueRequired\":true,\"valueName\":\"search_term_string\"}}],\"inLanguage\":\"ca\"},{\"@type\":\"Organization\",\"@id\":\"https:\/\/nemusarboricultura.com\/#organization\",\"name\":\"Nemus Arboricultura y Formaci\u00f3n en Mallorca\",\"alternateName\":\"Nemus Arboricultura\",\"url\":\"https:\/\/nemusarboricultura.com\/\",\"logo\":{\"@type\":\"ImageObject\",\"inLanguage\":\"ca\",\"@id\":\"https:\/\/nemusarboricultura.com\/#\/schema\/logo\/image\/\",\"url\":\"https:\/\/nemusarboricultura.com\/wp-content\/uploads\/2025\/01\/Logotipo-Vertical.png\",\"contentUrl\":\"https:\/\/nemusarboricultura.com\/wp-content\/uploads\/2025\/01\/Logotipo-Vertical.png\",\"width\":656,\"height\":745,\"caption\":\"Nemus Arboricultura y Formaci\u00f3n en Mallorca\"},\"image\":{\"@id\":\"https:\/\/nemusarboricultura.com\/#\/schema\/logo\/image\/\"}}]}<\/script>\n<!-- \/ Yoast SEO plugin. -->","yoast_head_json":{"title":"\u00c8tica | Nemus","robots":{"index":"noindex","follow":"follow"},"og_locale":"ca_ES","og_type":"article","og_title":"\u00c8tica | Nemus","og_description":"Let our creative experts show you the real possibilities for business growth.","og_url":"https:\/\/nemusarboricultura.com\/ca\/servicios\/etica\/","og_site_name":"Nemus","article_modified_time":"2025-03-27T06:52:52+00:00","og_image":[{"width":739,"height":1600,"url":"https:\/\/nemusarboricultura.com\/wp-content\/uploads\/2020\/06\/Etica-Nemus.jpg","type":"image\/jpeg"}],"twitter_card":"summary_large_image","twitter_misc":{"Temps estimat de lectura":"3 minuts"},"schema":{"@context":"https:\/\/schema.org","@graph":[{"@type":"WebPage","@id":"https:\/\/nemusarboricultura.com\/ca\/servicios\/etica\/","url":"https:\/\/nemusarboricultura.com\/ca\/servicios\/etica\/","name":"\u00c8tica | Nemus","isPartOf":{"@id":"https:\/\/nemusarboricultura.com\/#website"},"primaryImageOfPage":{"@id":"https:\/\/nemusarboricultura.com\/ca\/servicios\/etica\/#primaryimage"},"image":{"@id":"https:\/\/nemusarboricultura.com\/ca\/servicios\/etica\/#primaryimage"},"thumbnailUrl":"https:\/\/nemusarboricultura.com\/wp-content\/uploads\/2020\/06\/Etica-Nemus.jpg","datePublished":"2020-06-04T10:45:18+00:00","dateModified":"2025-03-27T06:52:52+00:00","breadcrumb":{"@id":"https:\/\/nemusarboricultura.com\/ca\/servicios\/etica\/#breadcrumb"},"inLanguage":"ca","potentialAction":[{"@type":"ReadAction","target":["https:\/\/nemusarboricultura.com\/ca\/servicios\/etica\/"]}]},{"@type":"ImageObject","inLanguage":"ca","@id":"https:\/\/nemusarboricultura.com\/ca\/servicios\/etica\/#primaryimage","url":"https:\/\/nemusarboricultura.com\/wp-content\/uploads\/2020\/06\/Etica-Nemus.jpg","contentUrl":"https:\/\/nemusarboricultura.com\/wp-content\/uploads\/2020\/06\/Etica-Nemus.jpg","width":739,"height":1600,"caption":"Etica Nemus Arboricultura Mallorca"},{"@type":"BreadcrumbList","@id":"https:\/\/nemusarboricultura.com\/ca\/servicios\/etica\/#breadcrumb","itemListElement":[{"@type":"ListItem","position":1,"name":"Portada","item":"https:\/\/nemusarboricultura.com\/ca\/"},{"@type":"ListItem","position":2,"name":"Services","item":"https:\/\/nemusarboricultura.com\/servicios\/"},{"@type":"ListItem","position":3,"name":"\u00c8tica"}]},{"@type":"WebSite","@id":"https:\/\/nemusarboricultura.com\/#website","url":"https:\/\/nemusarboricultura.com\/","name":"Nemus Arboricultura y Formaci\u00f3n en Mallorca","description":"Nemus Arboricultura: Gesti\u00f3n sostenible del arbolado con 20 a\u00f1os de experiencia. Cuidado del entorno y formaci\u00f3n de expertos en arboricultura.","publisher":{"@id":"https:\/\/nemusarboricultura.com\/#organization"},"alternateName":"Nemus Arboricultura","potentialAction":[{"@type":"SearchAction","target":{"@type":"EntryPoint","urlTemplate":"https:\/\/nemusarboricultura.com\/?s={search_term_string}"},"query-input":{"@type":"PropertyValueSpecification","valueRequired":true,"valueName":"search_term_string"}}],"inLanguage":"ca"},{"@type":"Organization","@id":"https:\/\/nemusarboricultura.com\/#organization","name":"Nemus Arboricultura y Formaci\u00f3n en Mallorca","alternateName":"Nemus Arboricultura","url":"https:\/\/nemusarboricultura.com\/","logo":{"@type":"ImageObject","inLanguage":"ca","@id":"https:\/\/nemusarboricultura.com\/#\/schema\/logo\/image\/","url":"https:\/\/nemusarboricultura.com\/wp-content\/uploads\/2025\/01\/Logotipo-Vertical.png","contentUrl":"https:\/\/nemusarboricultura.com\/wp-content\/uploads\/2025\/01\/Logotipo-Vertical.png","width":656,"height":745,"caption":"Nemus Arboricultura y Formaci\u00f3n en Mallorca"},"image":{"@id":"https:\/\/nemusarboricultura.com\/#\/schema\/logo\/image\/"}}]}},"_links":{"self":[{"href":"https:\/\/nemusarboricultura.com\/ca\/wp-json\/wp\/v2\/cpt_services\/38383","targetHints":{"allow":["GET"]}}],"collection":[{"href":"https:\/\/nemusarboricultura.com\/ca\/wp-json\/wp\/v2\/cpt_services"}],"about":[{"href":"https:\/\/nemusarboricultura.com\/ca\/wp-json\/wp\/v2\/types\/cpt_services"}],"author":[{"embeddable":true,"href":"https:\/\/nemusarboricultura.com\/ca\/wp-json\/wp\/v2\/users\/1"}],"replies":[{"embeddable":true,"href":"https:\/\/nemusarboricultura.com\/ca\/wp-json\/wp\/v2\/comments?post=38383"}],"version-history":[{"count":3,"href":"https:\/\/nemusarboricultura.com\/ca\/wp-json\/wp\/v2\/cpt_services\/38383\/revisions"}],"predecessor-version":[{"id":39253,"href":"https:\/\/nemusarboricultura.com\/ca\/wp-json\/wp\/v2\/cpt_services\/38383\/revisions\/39253"}],"wp:featuredmedia":[{"embeddable":true,"href":"https:\/\/nemusarboricultura.com\/ca\/wp-json\/wp\/v2\/media\/38837"}],"wp:attachment":[{"href":"https:\/\/nemusarboricultura.com\/ca\/wp-json\/wp\/v2\/media?parent=38383"}],"wp:term":[{"taxonomy":"cpt_services_group","embeddable":true,"href":"https:\/\/nemusarboricultura.com\/ca\/wp-json\/wp\/v2\/cpt_services_group?post=38383"}],"curies":[{"name":"wp","href":"https:\/\/api.w.org\/{rel}","templated":true}]}}